{"id":5253,"date":"2026-02-14T13:03:11","date_gmt":"2026-02-14T11:03:11","guid":{"rendered":"https:\/\/indoorgarden.ee\/product\/citysens-lisariiulid-2-pakk-mustad-mooduliriiulid-taimeriiulitele-ja-vertikaalsele-aiandusele\/"},"modified":"2026-04-27T09:14:52","modified_gmt":"2026-04-27T06:14:52","slug":"citysens-lisariiulid-2-pakk-mustad-mooduliriiulid-taimeriiulitele-ja-vertikaalsele-aiandusele","status":"publish","type":"product","link":"https:\/\/indoorgarden.ee\/et\/toode\/citysens-lisariiulid-2-pakk-mustad-mooduliriiulid-taimeriiulitele-ja-vertikaalsele-aiandusele\/","title":{"rendered":"CitySens lisariiulid 2-pakk \u2013 mustad mooduliriiulid taimeriiulitele ja vertikaalsele aiandusele"},"content":{"rendered":"<p>CitySens lisariiulid 2-pakk on moodulriiulis\u00fcsteemi laiendus, mis v\u00f5imaldab sul kasvatada veelgi rohkem taimi olemasolevas s\u00fcsteemis. Sobib CitySens moodulriiulitega ja vertikaalsete aianduss\u00fcsteemidega.<\/p>\n<h3>P\u00f5hiomadused<\/h3>\n<ul>\n<li><strong>Moodulp\u00f5hine disain<\/strong> \u2013 lisa olemasolevale CitySens moodulriiulile<\/li>\n<li><strong>2 lisariiulit pakis<\/strong> \u2013 kasvata kuni 6 taime juurde<\/li>\n<li><strong>Sobib mitmele v\u00e4rvile<\/strong> \u2013 sobib m\u00fcraga musta, halli, valge ja m\u00e4nnikoore v\u00e4rvi mooduliriiulitele<\/li>\n<li><strong>Lihtne paigaldada<\/strong> \u2013 t\u00f6\u00f6riistu pole vaja<\/li>\n<\/ul>\n<h3>Kellele sobib<\/h3>\n<p>Sobib CitySens moodulriiuli omanikele, kes tahavad laiendada oma taimekasvatuspinda. Hea valik kasvavale taimekogule.<\/p>\n","protected":false},"excerpt":{"rendered":"<p>CitySens lisariiulid 2-pakk on moodulriiulis\u00fcsteemi laiendus, mis v\u00f5imaldab sul kasvatada veelgi rohkem taimi olemasolevas s\u00fcsteemis. Sobib CitySens moodulriiulitega ja vertikaalsete aianduss\u00fcsteemidega. P\u00f5hiomadused Moodulp\u00f5hine disain \u2013 lisa olemasolevale CitySens moodulriiulile 2 lisariiulit pakis \u2013 kasvata kuni 6 taime juurde Sobib mitmele v\u00e4rvile \u2013 sobib m\u00fcraga musta, halli, valge ja m\u00e4nnikoore v\u00e4rvi mooduliriiulitele Lihtne paigaldada \u2013 t\u00f6\u00f6riistu [&hellip;]<\/p>\n","protected":false},"featured_media":0,"comment_status":"open","ping_status":"closed","template":"","meta":[],"product_brand":[317],"product_cat":[304],"product_tag":[],"class_list":{"0":"post-5253","1":"product","2":"type-product","3":"status-publish","5":"product_brand-citysens-et","6":"product_cat-moodulriiulid-taimedele","8":"first","9":"instock","10":"taxable","11":"shipping-taxable","12":"purchasable","13":"product-type-simple"},"jetpack_sharing_enabled":true,"jetpack-related-posts":[{"id":5252,"url":"https:\/\/indoorgarden.ee\/et\/toode\/citysens-lisariiulid-2-pakk-hallid-mooduliriiulid-taimeriiulitele-ja-vertikaalsele-aiandusele\/","url_meta":{"origin":5253,"position":0},"title":"CitySens lisariiulid 2-pakk \u2013 hallid mooduliriiulid taimeriiulitele ja vertikaalsele aiandusele","author":"admin","date":"14. veebr. 2026","format":false,"excerpt":"CitySens lisariiulid 2-pakk on moodulriiulis\u00fcsteemi laiendus, mis v\u00f5imaldab sul kasvatada veelgi rohkem taimi olemasolevas s\u00fcsteemis. Sobib CitySens moodulriiulitega ja vertikaalsete aianduss\u00fcsteemidega. P\u00f5hiomadused Moodulp\u00f5hine disain \u2013 lisa olemasolevale CitySens moodulriiulile 2 lisariiulit pakis \u2013 kasvata kuni 6 taime juurde Sobib mitmele v\u00e4rvile \u2013 sobib m\u00fcraga musta, halli, valge ja m\u00e4nnikoore v\u00e4rvi\u2026","rel":"","context":"Similar post","block_context":{"text":"Similar post","link":""},"img":{"alt_text":"","src":"https:\/\/i0.wp.com\/indoorgarden.ee\/wp-content\/uploads\/2026\/02\/pack-de-2-estantes-extras.jpg?resize=350%2C200&ssl=1","width":350,"height":200,"srcset":"https:\/\/i0.wp.com\/indoorgarden.ee\/wp-content\/uploads\/2026\/02\/pack-de-2-estantes-extras.jpg?resize=350%2C200&ssl=1 1x, https:\/\/i0.wp.com\/indoorgarden.ee\/wp-content\/uploads\/2026\/02\/pack-de-2-estantes-extras.jpg?resize=525%2C300&ssl=1 1.5x, https:\/\/i0.wp.com\/indoorgarden.ee\/wp-content\/uploads\/2026\/02\/pack-de-2-estantes-extras.jpg?resize=700%2C400&ssl=1 2x"},"classes":[]},{"id":5251,"url":"https:\/\/indoorgarden.ee\/et\/toode\/citysens-lisariiulid-2-pakk-mannikoore-varvi-mooduliriiulid-taimeriiulitele-ja-vertikaalsele-aiandusele\/","url_meta":{"origin":5253,"position":1},"title":"CitySens lisariiulid 2-pakk \u2013 m\u00e4nnikoore v\u00e4rvi mooduliriiulid taimeriiulitele ja vertikaalsele aiandusele","author":"admin","date":"14. veebr. 2026","format":false,"excerpt":"CitySens lisariiulid 2-pakk on moodulriiulis\u00fcsteemi laiendus, mis v\u00f5imaldab sul kasvatada veelgi rohkem taimi olemasolevas s\u00fcsteemis. Sobib CitySens moodulriiulitega ja vertikaalsete aianduss\u00fcsteemidega. P\u00f5hiomadused Moodulp\u00f5hine disain \u2013 lisa olemasolevale CitySens moodulriiulile 2 lisariiulit pakis \u2013 kasvata kuni 6 taime juurde Sobib mitmele v\u00e4rvile \u2013 sobib m\u00fcraga musta, halli, valge ja m\u00e4nnikoore v\u00e4rvi\u2026","rel":"","context":"Similar post","block_context":{"text":"Similar post","link":""},"img":{"alt_text":"","src":"","width":0,"height":0},"classes":[]},{"id":5254,"url":"https:\/\/indoorgarden.ee\/et\/toode\/citysens-lisariiulid-2-pakk-valged-mooduliriiulid-taimeriiulitele-ja-vertikaalsele-aiandusele\/","url_meta":{"origin":5253,"position":2},"title":"CitySens lisariiulid 2-pakk \u2013 valged mooduliriiulid taimeriiulitele ja vertikaalsele aiandusele","author":"admin","date":"14. veebr. 2026","format":false,"excerpt":"CitySens lisariiulid 2-pakk on moodulriiulis\u00fcsteemi laiendus, mis v\u00f5imaldab sul kasvatada veelgi rohkem taimi olemasolevas s\u00fcsteemis. Sobib CitySens moodulriiulitega ja vertikaalsete aianduss\u00fcsteemidega. P\u00f5hiomadused Moodulp\u00f5hine disain \u2013 lisa olemasolevale CitySens moodulriiulile 2 lisariiulit pakis \u2013 kasvata kuni 6 taime juurde Sobib mitmele v\u00e4rvile \u2013 sobib m\u00fcraga musta, halli, valge ja m\u00e4nnikoore v\u00e4rvi\u2026","rel":"","context":"Similar post","block_context":{"text":"Similar post","link":""},"img":{"alt_text":"","src":"https:\/\/i0.wp.com\/indoorgarden.ee\/wp-content\/uploads\/2026\/02\/pack-of-2-extra-shelves.jpg?resize=350%2C200&ssl=1","width":350,"height":200,"srcset":"https:\/\/i0.wp.com\/indoorgarden.ee\/wp-content\/uploads\/2026\/02\/pack-of-2-extra-shelves.jpg?resize=350%2C200&ssl=1 1x, https:\/\/i0.wp.com\/indoorgarden.ee\/wp-content\/uploads\/2026\/02\/pack-of-2-extra-shelves.jpg?resize=525%2C300&ssl=1 1.5x, https:\/\/i0.wp.com\/indoorgarden.ee\/wp-content\/uploads\/2026\/02\/pack-of-2-extra-shelves.jpg?resize=700%2C400&ssl=1 2x"},"classes":[]},{"id":5308,"url":"https:\/\/indoorgarden.ee\/et\/toode\/citysens-3-pakk-seinapotid-tekstiilkatete-ja-isekastmisega-must-vertikaalne-taimepottide-komplekt\/","url_meta":{"origin":5253,"position":3},"title":"CitySens 3-pakk seinapotid tekstiilkatete ja isekastmisega \u2013 must vertikaalne taimepottide komplekt","author":"admin","date":"14. veebr. 2026","format":false,"excerpt":"CitySens 3-pakk seinapotid tekstiilkatete ja isekastmisega \u2013 kvaliteetne taimepott sisetingimuste taimekasvatuseks. Tugev konstruktsioon, sobib aastatepikkuseks kasutuseks. Kellele sobib Sobib toataimedele, \u00fcrtidele ja teistele sisetingimustes kasvavatele taimedele. Praktiline lahendus k\u00f6\u00f6gi t\u00f6\u00f6pinnale, aknalauale v\u00f5i elutuppa. IndoorGarden-ist leiad kogu valiku taimepotte ja sisekasvatuse tarvikuid.","rel":"","context":"Similar post","block_context":{"text":"Similar post","link":""},"img":{"alt_text":"","src":"https:\/\/i0.wp.com\/indoorgarden.ee\/wp-content\/uploads\/2026\/02\/mp3430.png?resize=350%2C200&ssl=1","width":350,"height":200,"srcset":"https:\/\/i0.wp.com\/indoorgarden.ee\/wp-content\/uploads\/2026\/02\/mp3430.png?resize=350%2C200&ssl=1 1x, https:\/\/i0.wp.com\/indoorgarden.ee\/wp-content\/uploads\/2026\/02\/mp3430.png?resize=525%2C300&ssl=1 1.5x, https:\/\/i0.wp.com\/indoorgarden.ee\/wp-content\/uploads\/2026\/02\/mp3430.png?resize=700%2C400&ssl=1 2x"},"classes":[]},{"id":5309,"url":"https:\/\/indoorgarden.ee\/et\/toode\/citysens-3-pakk-seinapotid-kapillaarse-isekastmisega-must-vertikaalne-sise-ja-valitingimuste-taimepottide-komplekt\/","url_meta":{"origin":5253,"position":4},"title":"CitySens 3-pakk seinapotid kapillaarse isekastmisega \u2013 must vertikaalne sise- ja v\u00e4litingimuste taimepottide komplekt","author":"admin","date":"14. veebr. 2026","format":false,"excerpt":"CitySens seinapotid kapillaarse isekastmisega \u2013 3-pakk komplekt seinale paigaldatavaid isekastevaid taimepotte. Kasuta vertikaalpinda taimedele, s\u00e4\u00e4sta p\u00f5randaruumi. P\u00f5hiomadused 3 potti pakis \u2013 kogu seinakomplekt \u00fches karbis Kapillaarne isekastmise s\u00fcsteem \u2013 taimed saavad vett vastavalt vajadusele Sobib sise- ja v\u00e4litingimustele \u2013 kasuta k\u00f6\u00f6ki, r\u00f5dule v\u00f5i terrassile Tugev konstruktsioon \u2013 vastupidav UV-kindel materjal\u2026","rel":"","context":"Similar post","block_context":{"text":"Similar post","link":""},"img":{"alt_text":"","src":"https:\/\/i0.wp.com\/indoorgarden.ee\/wp-content\/uploads\/2026\/02\/WhatsApp-Image-2020-06-05-at-16.41.20.jpeg?resize=350%2C200&ssl=1","width":350,"height":200,"srcset":"https:\/\/i0.wp.com\/indoorgarden.ee\/wp-content\/uploads\/2026\/02\/WhatsApp-Image-2020-06-05-at-16.41.20.jpeg?resize=350%2C200&ssl=1 1x, https:\/\/i0.wp.com\/indoorgarden.ee\/wp-content\/uploads\/2026\/02\/WhatsApp-Image-2020-06-05-at-16.41.20.jpeg?resize=525%2C300&ssl=1 1.5x, https:\/\/i0.wp.com\/indoorgarden.ee\/wp-content\/uploads\/2026\/02\/WhatsApp-Image-2020-06-05-at-16.41.20.jpeg?resize=700%2C400&ssl=1 2x"},"classes":[]},{"id":5314,"url":"https:\/\/indoorgarden.ee\/et\/toode\/citysens-3-pakk-seinapotid-kapillaarse-isekastmisega-valge-vertikaalne-sise-ja-valitingimuste-seinapottide-komplekt\/","url_meta":{"origin":5253,"position":5},"title":"CitySens 3-pakk seinapotid kapillaarse isekastmisega \u2013 valge vertikaalne sise- ja v\u00e4litingimuste seinapottide komplekt","author":"admin","date":"14. veebr. 2026","format":false,"excerpt":"CitySens seinapotid kapillaarse isekastmisega \u2013 3-pakk komplekt seinale paigaldatavaid isekastevaid taimepotte. Kasuta vertikaalpinda taimedele, s\u00e4\u00e4sta p\u00f5randaruumi. P\u00f5hiomadused 3 potti pakis \u2013 kogu seinakomplekt \u00fches karbis Kapillaarne isekastmise s\u00fcsteem \u2013 taimed saavad vett vastavalt vajadusele Sobib sise- ja v\u00e4litingimustele \u2013 kasuta k\u00f6\u00f6ki, r\u00f5dule v\u00f5i terrassile Tugev konstruktsioon \u2013 vastupidav UV-kindel materjal\u2026","rel":"","context":"Similar post","block_context":{"text":"Similar post","link":""},"img":{"alt_text":"","src":"https:\/\/i0.wp.com\/indoorgarden.ee\/wp-content\/uploads\/2026\/02\/48.jpg?resize=350%2C200&ssl=1","width":350,"height":200,"srcset":"https:\/\/i0.wp.com\/indoorgarden.ee\/wp-content\/uploads\/2026\/02\/48.jpg?resize=350%2C200&ssl=1 1x, https:\/\/i0.wp.com\/indoorgarden.ee\/wp-content\/uploads\/2026\/02\/48.jpg?resize=525%2C300&ssl=1 1.5x, https:\/\/i0.wp.com\/indoorgarden.ee\/wp-content\/uploads\/2026\/02\/48.jpg?resize=700%2C400&ssl=1 2x"},"classes":[]}],"_links":{"self":[{"href":"https:\/\/indoorgarden.ee\/et\/wp-json\/wp\/v2\/product\/5253","targetHints":{"allow":["GET"]}}],"collection":[{"href":"https:\/\/indoorgarden.ee\/et\/wp-json\/wp\/v2\/product"}],"about":[{"href":"https:\/\/indoorgarden.ee\/et\/wp-json\/wp\/v2\/types\/product"}],"replies":[{"embeddable":true,"href":"https:\/\/indoorgarden.ee\/et\/wp-json\/wp\/v2\/comments?post=5253"}],"wp:attachment":[{"href":"https:\/\/indoorgarden.ee\/et\/wp-json\/wp\/v2\/media?parent=5253"}],"wp:term":[{"taxonomy":"product_brand","embeddable":true,"href":"https:\/\/indoorgarden.ee\/et\/wp-json\/wp\/v2\/product_brand?post=5253"},{"taxonomy":"product_cat","embeddable":true,"href":"https:\/\/indoorgarden.ee\/et\/wp-json\/wp\/v2\/product_cat?post=5253"},{"taxonomy":"product_tag","embeddable":true,"href":"https:\/\/indoorgarden.ee\/et\/wp-json\/wp\/v2\/product_tag?post=5253"}],"curies":[{"name":"wp","href":"https:\/\/api.w.org\/{rel}","templated":true}]}}